{"id":636,"date":"2026-05-03T12:42:06","date_gmt":"2026-05-03T12:42:06","guid":{"rendered":"https:\/\/pakod.hu\/?page_id=636"},"modified":"2026-05-03T13:03:56","modified_gmt":"2026-05-03T13:03:56","slug":"gazdalkodas","status":"publish","type":"page","link":"https:\/\/pakod.hu\/index.php\/gazdalkodas\/","title":{"rendered":"GAZD\u00c1LKOD\u00c1S"},"content":{"rendered":"\n<p><\/p>\n\n\n\n<p><strong>3. K\u00f6lts\u00e9gvet\u00e9s, besz\u00e1mol\u00f3k<\/strong><\/p>\n\n\n\n<p>A k\u00f6zfeladatot ell\u00e1t\u00f3 szerv \u00e9ves k\u00f6lts\u00e9gvet\u00e9se, sz\u00e1mviteli t\u00f6rv\u00e9ny szerint besz\u00e1mol\u00f3ja vagy \u00e9ves k\u00f6lts\u00e9gvet\u00e9s besz\u00e1mol\u00f3ja.<\/p>\n\n\n\n<p><strong>I.K\u00f6zz\u00e9t\u00e9teli egys\u00e9g: \u00c9ves k\u00f6lts\u00e9gvet\u00e9sek<\/strong><\/p>\n\n\n\n<p>A k\u00f6zfeladatot ell\u00e1t\u00f3 szerv \u00e9ves k\u00f6lts\u00e9gvet\u00e9se&nbsp;(2026.)<br><a href=\"https:\/\/or.njt.hu\/eli\/437574\/r\/2026\/5\">https:\/\/or.njt.hu\/eli\/437574\/r\/2026\/5<\/a><\/p>\n\n\n\n<p>A k\u00f6zfeladatot ell\u00e1t\u00f3 szerv \u00e9ves k\u00f6lts\u00e9gvet\u00e9se&nbsp;(2025.)<br><a href=\"https:\/\/or.njt.hu\/eli\/437574\/r\/2025\/1\">https:\/\/or.njt.hu\/eli\/437574\/r\/2025\/1<\/a><\/p>\n\n\n\n<p>A k\u00f6zfeladatot ell\u00e1t\u00f3 szerv \u00e9ves k\u00f6lts\u00e9gvet\u00e9se&nbsp;(2024.)<br><a href=\"https:\/\/or.njt.hu\/eli\/437574\/r\/2024\/1\">https:\/\/or.njt.hu\/eli\/437574\/r\/2024\/1<\/a><\/p>\n\n\n\n<p>A k\u00f6zfeladatot ell\u00e1t\u00f3 szerv \u00e9ves k\u00f6lts\u00e9gvet\u00e9se&nbsp;(2023.)<br><a href=\"https:\/\/or.njt.hu\/eli\/437574\/r\/2023\/2\">https:\/\/or.njt.hu\/eli\/437574\/r\/2023\/2<\/a><\/p>\n\n\n\n<p>A k\u00f6zfeladatot ell\u00e1t\u00f3 szerv \u00e9ves k\u00f6lts\u00e9gvet\u00e9se&nbsp;(2022.)<br><a href=\"https:\/\/or.njt.hu\/eli\/437574\/r\/2022\/2\">https:\/\/or.njt.hu\/eli\/437574\/r\/2022\/2<\/a><\/p>\n\n\n\n<p>A k\u00f6zfeladatot ell\u00e1t\u00f3 szerv \u00e9ves k\u00f6lts\u00e9gvet\u00e9se&nbsp;(2021.)<br><a href=\"https:\/\/or.njt.hu\/eli\/437574\/r\/2021\/5\">https:\/\/or.njt.hu\/eli\/437574\/r\/2021\/5<\/a><\/p>\n\n\n\n<p>A k\u00f6zfeladatot ell\u00e1t\u00f3 szerv \u00e9ves k\u00f6lts\u00e9gvet\u00e9se&nbsp;(2020.)<br><a href=\"https:\/\/or.njt.hu\/eli\/437574\/r\/2020\/4\">https:\/\/or.njt.hu\/eli\/437574\/r\/2020\/4<\/a><\/p>\n\n\n\n<p>A k\u00f6zfeladatot ell\u00e1t\u00f3 szerv \u00e9ves k\u00f6lts\u00e9gvet\u00e9se&nbsp;(2019.)<br><a href=\"https:\/\/or.njt.hu\/eli\/437574\/r\/2019\/1\">https:\/\/or.njt.hu\/eli\/437574\/r\/2019\/1<\/a><\/p>\n\n\n\n<p>A k\u00f6zfeladatot ell\u00e1t\u00f3 szerv \u00e9ves k\u00f6lts\u00e9gvet\u00e9se&nbsp;(2018.)<br><a href=\"https:\/\/or.njt.hu\/eli\/437574\/r\/2018\/4\">https:\/\/or.njt.hu\/eli\/437574\/r\/2018\/4<\/a><\/p>\n\n\n\n<p>A k\u00f6zfeladatot ell\u00e1t\u00f3 szerv \u00e9ves k\u00f6lts\u00e9gvet\u00e9se&nbsp;(2017.)<br><a href=\"https:\/\/or.njt.hu\/eli\/437574\/r\/2017\/4\">https:\/\/or.njt.hu\/eli\/437574\/r\/2017\/4<\/a><\/p>\n\n\n\n<p><strong>II. K\u00f6zz\u00e9t\u00e9teli egys\u00e9g: A k\u00f6lts\u00e9gvet\u00e9s v\u00e9grehajt\u00e1sa (sz\u00e1mviteli besz\u00e1mol\u00f3k)<\/strong><\/p>\n\n\n\n<p><a href=\"https:\/\/or.njt.hu\/eli\/437574\/r\/2025\/4\">Pakod K\u00f6zs\u00e9g \u00d6nkorm\u00e1nyzata K\u00e9pvisel\u0151-test\u00fclet\u00e9nek 4\/2025. (V. 30.) \u00f6nkorm\u00e1nyzati rendelete<\/a>:<br><a href=\"https:\/\/or.njt.hu\/eli\/437574\/r\/2025\/4\">https:\/\/or.njt.hu\/eli\/437574\/r\/2025\/4<\/a><\/p>\n\n\n\n<p>Pakod K\u00f6zs\u00e9g \u00d6nkorm\u00e1nyzata K\u00e9pvisel\u0151-test\u00fclet\u00e9nek <a href=\"https:\/\/or.njt.hu\/eli\/437574\/r\/2024\/3\">&nbsp;3\/2024. (V. 15.) \u00f6nkorm\u00e1nyzati rendelete<\/a>:<br><a href=\"https:\/\/or.njt.hu\/eli\/437574\/r\/2024\/3\">https:\/\/or.njt.hu\/eli\/437574\/r\/2024\/3<\/a><\/p>\n\n\n\n<p><a href=\"https:\/\/or.njt.hu\/eli\/437574\/r\/2023\/9\">Pakod K\u00f6zs\u00e9g \u00d6nkorm\u00e1nyzata K\u00e9pvisel\u0151-test\u00fclet\u00e9nek 9\/2023. (V. 31.) \u00f6nkorm\u00e1nyzati rendelete<\/a>:<br><a href=\"https:\/\/or.njt.hu\/eli\/437574\/r\/2023\/9\">https:\/\/or.njt.hu\/eli\/437574\/r\/2023\/9<\/a><\/p>\n\n\n\n<p>Pakod K\u00f6zs\u00e9g \u00d6nkorm\u00e1nyzata K\u00e9pvisel\u0151-test\u00fclet\u00e9nek 6\/2022 (V.31.) \u00f6nkorm\u00e1nyzati rendelete:<br><a href=\"https:\/\/or.njt.hu\/eli\/437574\/r\/2022\/6\">https:\/\/or.njt.hu\/eli\/437574\/r\/2022\/6<\/a><\/p>\n\n\n\n<p>Pakod K\u00f6zs\u00e9g \u00d6nkorm\u00e1nyzata K\u00e9pvisel\u0151-test\u00fclet\u00e9nek 8\/2021 (V.31.) \u00f6nkorm\u00e1nyzati rendelete:<br><a href=\"https:\/\/or.njt.hu\/eli\/437574\/r\/2021\/8\">https:\/\/or.njt.hu\/eli\/437574\/r\/2021\/8<\/a><\/p>\n\n\n\n<p>Pakod K\u00f6zs\u00e9g \u00d6nkorm\u00e1nyzata K\u00e9pvisel\u0151-test\u00fclet\u00e9nek 5\/2020 (VII.16.) \u00f6nkorm\u00e1nyzati rendelete:<br><a href=\"https:\/\/or.njt.hu\/eli\/437574\/r\/2020\/5\">https:\/\/or.njt.hu\/eli\/437574\/r\/2020\/5<\/a><\/p>\n\n\n\n<p>Pakod K\u00f6zs\u00e9g \u00d6nkorm\u00e1nyzata K\u00e9pvisel\u0151-test\u00fclet\u00e9nek 4\/2019 (V.22.) \u00f6nkorm\u00e1nyzati rendelete:<br><a href=\"https:\/\/or.njt.hu\/eli\/437574\/r\/2019\/4\">https:\/\/or.njt.hu\/eli\/437574\/r\/2019\/4<\/a><\/p>\n\n\n\n<p>Pakod K\u00f6zs\u00e9g \u00d6nkorm\u00e1nyzata K\u00e9pvisel\u0151-test\u00fclet\u00e9nek 9\/2018 (V.31.) \u00f6nkorm\u00e1nyzati rendelete:<br><a href=\"https:\/\/or.njt.hu\/eli\/437574\/r\/2018\/9\">https:\/\/or.njt.hu\/eli\/437574\/r\/2018\/9<\/a><\/p>\n\n\n\n<p>Pakod K\u00f6zs\u00e9g \u00d6nkorm\u00e1nyzata K\u00e9pvisel\u0151-test\u00fclet\u00e9nek 9\/2017 (V.31.) \u00f6nkorm\u00e1nyzati rendelete:<br><a href=\"https:\/\/or.njt.hu\/eli\/437574\/r\/2017\/9\">https:\/\/or.njt.hu\/eli\/437574\/r\/2017\/9<\/a><\/p>\n\n\n\n<p>Pakod K\u00f6zs\u00e9g \u00d6nkorm\u00e1nyzata K\u00e9pvisel\u0151-test\u00fclet\u00e9nek 8\/2016 (V.31.) \u00f6nkorm\u00e1nyzati rendelete:<br><a href=\"https:\/\/or.njt.hu\/eli\/437574\/r\/2016\/8\">https:\/\/or.njt.hu\/eli\/437574\/r\/2016\/8<\/a><\/p>\n\n\n\n<hr class=\"wp-block-separator has-alpha-channel-opacity is-style-wide\"\/>\n\n\n\n<p><strong>3.4 Szerz\u0151d\u00e9sek<\/strong><\/p>\n\n\n\n<p>Az \u00d6nkorm\u00e1nyzat \u00e1ltal k\u00f6t\u00f6tt szerz\u0151d\u00e9sek megtal\u00e1lhat\u00f3k K\u00f6zponti Inform\u00e1ci\u00f3s K\u00f6zadatnyilv\u00e1ntart\u00e1s <a href=\"https:\/\/kif.gov.hu\/adatszolgaltatasok\/adat\">https:\/\/kif.gov.hu\/adatszolgaltatasok\/adat<\/a> oldal\u00e1n, a \u201eSzervezetkeres\u0151\u201d mez\u0151be Pakod K\u00f6zs\u00e9g \u00d6nkorm\u00e1nyzata be\u00edr\u00e1s\u00e1val. Az inform\u00e1ci\u00f3s \u00f6nrendelkez\u00e9si jogr\u00f3l \u00e9s az inform\u00e1ci\u00f3szabads\u00e1gr\u00f3l sz\u00f3l\u00f3 2011. \u00e9vi CXII. t\u00f6rv\u00e9ny (a tov\u00e1bbiakban: Infotv.) 37. \u00a7 (4a) bekezd\u00e9se alapj\u00e1n a k\u00f6zz\u00e9t\u00e9telre k\u00f6telezettek az Infotv. 1. mell\u00e9klet \u201eIII. Gazd\u00e1lkod\u00e1si adatok\u201d t\u00e1bl\u00e1zat 3., 4. \u00e9s 6. pontja szerinti adataik k\u00f6zz\u00e9t\u00e9tel\u00e9t a fenti (<a href=\"https:\/\/kif.gov.hu\/adatszolgaltatasok\/adat\">https:\/\/kif.gov.hu\/adatszolgaltatasok\/adat<\/a>) fel\u00fclet alkalmaz\u00e1s\u00e1val is teljes\u00edthetik.<\/p>\n\n\n\n<hr class=\"wp-block-separator has-alpha-channel-opacity is-style-wide\"\/>\n\n\n\n<p><strong>3.7. Eur\u00f3pai Uni\u00f3s t\u00e1mogat\u00e1sok<\/strong><br><br>Az Eur\u00f3pai Uni\u00f3 t\u00e1mogat\u00e1s\u00e1val megval\u00f3sul\u00f3 fejleszt\u00e9sek le\u00edr\u00e1sa, az azokra vonatkoz\u00f3 szerz\u0151d\u00e9sek Az Eur\u00f3pai Uni\u00f3 t\u00e1mogat\u00e1s\u00e1val megval\u00f3sul\u00f3 fejleszt\u00e9sekr\u0151l tov\u00e1bbi inform\u00e1ci\u00f3 az al\u00e1bbi linken \u00e9rhet\u0151k el:<\/p>\n\n\n\n<p><a href=\"https:\/\/www.palyazat.gov.hu\/eredmenyek\/tamogatott-projektek?program=Sz%C3%A9chenyi+terv+plusz\">https:\/\/www.palyazat.gov.hu\/eredmenyek\/tamogatott-projektek?program=Sz%C3%A9chenyi+terv+plusz<\/a><\/p>\n\n\n\n<hr class=\"wp-block-separator has-alpha-channel-opacity is-style-wide\"\/>\n\n\n\n<p><strong>3.8. K\u00f6zbeszerz\u00e9si inform\u00e1ci\u00f3k (\u00e9ves terv, \u00f6sszegz\u00e9s az aj\u00e1nlatok elb\u00edr\u00e1l\u00e1s\u00e1r\u00f3l, a megk\u00f6t\u00f6tt szerz\u0151d\u00e9sekr\u0151l)<\/strong><\/p>\n\n\n\n<p>\u00c9ves k\u00f6zbeszerz\u00e9si terv:<\/p>\n\n\n\n<p><a href=\"https:\/\/ekr.gov.hu\/portal\/kozbeszerzes\/terv-kereses\">https:\/\/ekr.gov.hu\/portal\/kozbeszerzes\/terv-kereses<\/a><\/p>\n\n\n\n<p>Az \u00d6nkorm\u00e1nyzat \u00e9s a Hivatal \u00e1ltal megind\u00edtott \u00e9s lefolytatott elj\u00e1r\u00e1sokhoz kapcsol\u00f3d\u00f3 hirdetm\u00e9nyek, a be\u00e9rkezett aj\u00e1nlatokr\u00f3l k\u00e9sz\u00edtett \u00f6sszegez\u00e9s: <a href=\"https:\/\/ekr.gov.hu\/portal\/kozbeszerzes\/hirdetmenyek\">https:\/\/ekr.gov.hu\/portal\/kozbeszerzes\/hirdetmenyek<\/a><\/p>\n\n\n\n<p>&nbsp;K\u00f6zbeszerz\u00e9s alapj\u00e1n megk\u00f6t\u00f6tt szerz\u0151d\u00e9sek:<\/p>\n\n\n\n<p><a href=\"https:\/\/ekr.gov.hu\/ekr-szerzodestar\/hu\/szerzodesLista\">https:\/\/ekr.gov.hu\/ekr-szerzodestar\/hu\/szerzodesLista<\/a><\/p>\n\n\n\n<hr class=\"wp-block-separator has-alpha-channel-opacity is-style-wide\"\/>\n\n\n\n<p>3.2 <strong>A szervn\u00e9l foglalkoztatottak l\u00e9tsz\u00e1ma \u00e9s szem\u00e9lyi juttat\u00e1sai<\/strong><\/p>\n\n\n\n<div class=\"wp-block-file\"><a id=\"wp-block-file--media-0c4e1b4c-10f9-4a5f-b8e8-7dfff86b775d\" href=\"https:\/\/pakod.hu\/wp-content\/uploads\/2026\/05\/2025.1.ne-A-szervnel-foglalkoztatottak-letszama-es-szemelyi-juttatasai.pdf\">2025.1.n\u00e9 A szervn\u00e9l foglalkoztatottak l\u00e9tsz\u00e1ma \u00e9s szem\u00e9lyi juttat\u00e1sai<\/a><\/div>\n\n\n\n<div class=\"wp-block-file\"><a id=\"wp-block-file--media-000cf655-9d46-40ba-a275-ae7e726104a8\" href=\"https:\/\/pakod.hu\/wp-content\/uploads\/2026\/05\/2025.2.ne-A-szervnel-foglalkoztatottak-letszama-es-szemelyi-juttatasai.pdf\">2025.2.n\u00e9 A szervn\u00e9l foglalkoztatottak l\u00e9tsz\u00e1ma \u00e9s szem\u00e9lyi juttat\u00e1sai<\/a><\/div>\n\n\n\n<div class=\"wp-block-file\"><a id=\"wp-block-file--media-bbb39917-b399-4fd0-a459-b7fa37b969c9\" href=\"https:\/\/pakod.hu\/wp-content\/uploads\/2026\/05\/2025.3.ne-A-szervnel-foglalkoztatottak-letszama-es-szemelyi-juttatasai.pdf\">2025.3.n\u00e9 A szervn\u00e9l foglalkoztatottak l\u00e9tsz\u00e1ma \u00e9s szem\u00e9lyi juttat\u00e1sai<\/a><\/div>\n\n\n\n<div class=\"wp-block-file\"><a id=\"wp-block-file--media-c98240eb-7650-46c2-abb4-be8c14d852db\" href=\"https:\/\/pakod.hu\/wp-content\/uploads\/2026\/05\/2025.4.ne-A-szervnel-foglalkoztatottak-letszama-es-szemelyi-juttatasai.pdf\">2025.4.n\u00e9 A szervn\u00e9l foglalkoztatottak l\u00e9tsz\u00e1ma \u00e9s szem\u00e9lyi juttat\u00e1sai<\/a><\/div>\n\n\n\n<div class=\"wp-block-file\"><a id=\"wp-block-file--media-09d11526-8326-4def-90ee-31b6467d7a7e\" href=\"https:\/\/pakod.hu\/wp-content\/uploads\/2026\/05\/2026.1.ne-A-szervnel-foglalkoztatottak-letszama-es-szemelyi-juttatasai.pdf\">2026.1.n\u00e9 A szervn\u00e9l foglalkoztatottak l\u00e9tsz\u00e1ma \u00e9s szem\u00e9lyi juttat\u00e1sai<\/a><\/div>\n\n\n\n<div class=\"wp-block-file\"><a id=\"wp-block-file--media-e12d5c22-2774-4c47-b676-c7476480e953\" href=\"https:\/\/pakod.hu\/wp-content\/uploads\/2026\/05\/Pakod-Kozseg-Onkormanyzata-altal-nyujtott-tamogatasok-2025.pdf\">Pakod K\u00f6zs\u00e9g \u00d6nkorm\u00e1nyzata \u00e1ltal ny\u00fajtott t\u00e1mogat\u00e1sok 2025<\/a><\/div>\n\n\n\n<div class=\"wp-block-file\"><a id=\"wp-block-file--media-0f8bf3c2-dd1d-43f8-836a-bb719304992b\" href=\"https:\/\/pakod.hu\/wp-content\/uploads\/2026\/05\/200.000-Ft-feletti-tamogatasok.pdf\">200.000 Ft feletti t\u00e1mogat\u00e1sok<\/a><\/div>\n\n\n\n<hr class=\"wp-block-separator has-alpha-channel-opacity is-style-wide\"\/>\n\n\n\n<p><strong>III. Gazd\u00e1lkod\u00e1si adatok<\/strong><\/p>\n\n\n\n<p>8. K\u00f6zbeszerz\u00e9si inform\u00e1ci\u00f3k (\u00e9ves terv, \u00f6sszegz\u00e9s az aj\u00e1nlatok elb\u00edr\u00e1l\u00e1s\u00e1r\u00f3l, a megk\u00f6t\u00f6tt szerz\u0151d\u00e9sekr\u0151l)<\/p>\n\n\n\n<p>\u00c9ves k\u00f6zbeszerz\u00e9si terv:<\/p>\n\n\n\n<p><a href=\"https:\/\/ekr.gov.hu\/portal\/kozbeszerzes\/terv-kereses\">https:\/\/ekr.gov.hu\/portal\/kozbeszerzes\/terv-kereses<\/a><\/p>\n\n\n\n<p>Az \u00d6nkorm\u00e1nyzat \u00e9s a Hivatal \u00e1ltal megind\u00edtott \u00e9s lefolytatott elj\u00e1r\u00e1sokhoz kapcsol\u00f3d\u00f3 hirdetm\u00e9nyek, a be\u00e9rkezett aj\u00e1nlatokr\u00f3l k\u00e9sz\u00edtett \u00f6sszegez\u00e9s: <br><a href=\"https:\/\/ekr.gov.hu\/portal\/kozbeszerzes\/hirdetmenyek\">https:\/\/ekr.gov.hu\/portal\/kozbeszerzes\/hirdetmenyek<\/a><\/p>\n\n\n\n<p>K\u00f6zbeszerz\u00e9s alapj\u00e1n megk\u00f6t\u00f6tt szerz\u0151d\u00e9sek:<\/p>\n\n\n\n<p><a href=\"https:\/\/ekr.gov.hu\/ekr-szerzodestar\/hu\/szerzodesLista\">https:\/\/ekr.gov.hu\/ekr-szerzodestar\/hu\/szerzodesLista<\/a><\/p>\n","protected":false},"excerpt":{"rendered":"<p>3. K\u00f6lts\u00e9gvet\u00e9s, besz\u00e1mol\u00f3k A k\u00f6zfeladatot ell\u00e1t\u00f3 szerv \u00e9ves k\u00f6lts\u00e9gvet\u00e9se, sz\u00e1mviteli t\u00f6rv\u00e9ny szerint besz\u00e1mol\u00f3ja vagy \u00e9ves k\u00f6lts\u00e9gvet\u00e9s besz\u00e1mol\u00f3ja. I.K\u00f6zz\u00e9t\u00e9teli egys\u00e9g: \u00c9ves k\u00f6lts\u00e9gvet\u00e9sek A k\u00f6zfeladatot ell\u00e1t\u00f3 szerv \u00e9ves k\u00f6lts\u00e9gvet\u00e9se&nbsp;(2026.)https:\/\/or.njt.hu\/eli\/437574\/r\/2026\/5 A k\u00f6zfeladatot ell\u00e1t\u00f3 szerv \u00e9ves k\u00f6lts\u00e9gvet\u00e9se&nbsp;(2025.)https:\/\/or.njt.hu\/eli\/437574\/r\/2025\/1 A k\u00f6zfeladatot ell\u00e1t\u00f3 szerv \u00e9ves k\u00f6lts\u00e9gvet\u00e9se&nbsp;(2024.)https:\/\/or.njt.hu\/eli\/437574\/r\/2024\/1 A k\u00f6zfeladatot ell\u00e1t\u00f3 szerv \u00e9ves k\u00f6lts\u00e9gvet\u00e9se&nbsp;(2023.)https:\/\/or.njt.hu\/eli\/437574\/r\/2023\/2 A k\u00f6zfeladatot ell\u00e1t\u00f3 szerv \u00e9ves k\u00f6lts\u00e9gvet\u00e9se&nbsp;(2022.)https:\/\/or.njt.hu\/eli\/437574\/r\/2022\/2 A k\u00f6zfeladatot ell\u00e1t\u00f3 szerv [&hellip;]<\/p>\n","protected":false},"author":1,"featured_media":0,"parent":0,"menu_order":0,"comment_status":"closed","ping_status":"closed","template":"","meta":{"footnotes":""},"class_list":["post-636","page","type-page","status-publish","hentry"],"_links":{"self":[{"href":"https:\/\/pakod.hu\/index.php\/wp-json\/wp\/v2\/pages\/636","targetHints":{"allow":["GET"]}}],"collection":[{"href":"https:\/\/pakod.hu\/index.php\/wp-json\/wp\/v2\/pages"}],"about":[{"href":"https:\/\/pakod.hu\/index.php\/wp-json\/wp\/v2\/types\/page"}],"author":[{"embeddable":true,"href":"https:\/\/pakod.hu\/index.php\/wp-json\/wp\/v2\/users\/1"}],"replies":[{"embeddable":true,"href":"https:\/\/pakod.hu\/index.php\/wp-json\/wp\/v2\/comments?post=636"}],"version-history":[{"count":9,"href":"https:\/\/pakod.hu\/index.php\/wp-json\/wp\/v2\/pages\/636\/revisions"}],"predecessor-version":[{"id":659,"href":"https:\/\/pakod.hu\/index.php\/wp-json\/wp\/v2\/pages\/636\/revisions\/659"}],"wp:attachment":[{"href":"https:\/\/pakod.hu\/index.php\/wp-json\/wp\/v2\/media?parent=636"}],"curies":[{"name":"wp","href":"https:\/\/api.w.org\/{rel}","templated":true}]}}